{"id":36,"date":"2020-11-29T14:28:49","date_gmt":"2020-11-29T14:28:49","guid":{"rendered":"https:\/\/highschool-ul.me\/mne\/?page_id=36"},"modified":"2021-05-05T20:04:56","modified_gmt":"2021-05-05T20:04:56","slug":"istorijat","status":"publish","type":"page","link":"https:\/\/highschool-ul.me\/mne\/istorijat\/","title":{"rendered":"Istorijat"},"content":{"rendered":"\n\n\n\n\n\n\n\n<p>malo iz istorijata na\u0161e skole<\/p>\n\n\n\n\n\n\n\n\n\n\n\n\n\n\n\n\n\n\n\n\n\n\n\n\n\n\n<p style=\"text-align: right; \"><span style=\"font-size: 20px; color: rgb(255, 255, 255);\"><strong style=\"line-height: 1;\">LOREM CORPORATE CEO<\/strong><\/span><\/p><p style=\"text-align: center;\"><span style=\"color: rgb(255, 255, 255);\">Duis aute irure dolor in reprehenderit in voluptate velit esse cillum dolore eu fugiat nulla pariatur. Excepteur sint occaecat cupidatat non proident, sunt in culpa qui officia deserunt mollit anim id est laborum.<\/span><\/p><p style=\"text-align: left;\"><sign>\u00a0 \u00a0 \u00a0 <span style=\"line-height: 2.0;\">Benn Marshall<\/span><\/sign><\/p>\n\n\n<p><span lang=\"SL\">Na zahtjev\nroditelja krajem avgusta 1963. god. S.O.- Ulcinj, formirala je gimnaziju koja\nje do 1965.god. radila u sastavu Barske gimnazije kao podru\u010dno odjeljenje. <o:p><\/o:p><\/span><\/p><p><span lang=\"SL\">Odlukom\nS.O.-Ulcinj od 20. jula 1965.g. osnovana je gimnazija u Ulcinju sa nastavom na\nsrpskom i albanskom jeziku.<o:p><\/o:p><\/span><\/p><p><span lang=\"SL\">Gimnazija po\u010dinje\nsa radom 1.spetembra 1965. godine, pri \u010demu se nastava odvijala na srpskohrvatskom\ni albanskom jeziku. Upisano je 246 u\u010denika, koji su bili podjeljeni u sedam\nodjeljenja, s tim \u0161to je nastava na albanskom jeziku organizovana u dva\nodjeljenja sa po 20 u\u010denika.<o:p><\/o:p><\/span><\/p><p><span lang=\"SL\">Nakon razornog\nzemljotresa 1968.god. zgrada Gimnazije je znatno o\u0161te\u0107enja pa se nastava\nizvodila u zgradi O\u0160 ,,Bo\u0161ko Strugar\u201d u Ulcinju. <o:p><\/o:p><\/span><\/p><p><span lang=\"SL\">Zahvaljaju\u0107i\nsolidarnosti naroda Bosne i Hercegovine, izgra\u0111ena je \u0161kola solidarnosti \u2013\nGimnazija ,,Bratstvo\u2013jedinstvo&#8221;, koja je sve\u010dano otvorena 16.novembra 1969. godine.\n<o:p><\/o:p><\/span><\/p><p><span lang=\"SL\">U ovoj zgradi, od\n10. januara 1970.god. nastavu je izvodila i \u0160kola za u\u010denike u privredi, koja\nje u po\u017earu 1969.god. ostala bez svoje zgrade.<o:p><\/o:p><\/span><\/p><p><span lang=\"SL\">Integracijom dviju\n\u0161kola- Gimnazije ,,Bratstvo\u2013jedinstvo&#8221; i \u0160kole u\u010denika u privredi 27. decembra\n1974.god. osnovan je \u0160kolski centar ,,Bratstvo\u2013jedinstvo&#8221; Ulcinj.<o:p><\/o:p><\/span><\/p><p><span lang=\"SL\">-Usvajanjem novog\nZakona o srednjoj \u0161koli od 12.&nbsp; jula 1991.\ngodine naziv \u0160kole &nbsp;promjenjen je u JU\nsrednja \u0161kola ,,Bratstvo\u2013jedinstvo&#8221;. Pod ovim imenom \u0107e raditi do 2004. godine,\nkada dobija naziv JU Srednja mje\u0161ovita \u0161kola ,,Bratstvo\u2013jedinstvo&#8221; u Ulcinju,\nsa prevodom na albanski jezik.<o:p><\/o:p><\/span><\/p><p><span lang=\"SL\">U toku svog\ndogogodi\u0161njeg rada gimnaziji su dodjeljena mnogobrojna priznanja i odlikovanja.<o:p><\/o:p><\/span><\/p><p><span lang=\"SL\">&nbsp;<o:p><\/o:p><\/span><\/p><p><span lang=\"SL\">Prvi direktor je\nbio Fadilj Taipovi\u0107, a zatim su se na tom mjestu smjenjivali Vuko \u0110api\u0107, Ramo\nDukaj, Bahri Mila, Radomir Ra\u0161ko \u017divanovi\u0107, Radovan \u0110uri\u0161i\u0107, Husein Ceno\nKatana, i dana\u0161nja dierktorica Ardita Kova\u010devi\u0107.<o:p><\/o:p><\/span><\/p><p><span lang=\"SL\">&nbsp;<\/span><\/p><p><span lang=\"SL\">Ju Srednja\nmje\u0161ovita \u0161kola ,,Bratstvo\u2013jedinstvo&#8221; organizuje nastavu na dva jezika \u2013\nslu\u017ebenom i albanskom jeziku. U\u010denici koji prate nastavu na albanskom jeziku u\nokviru obaveznih predmeta u\u010de crnogorski jezik kao nematernji.<o:p><\/o:p><\/span><\/p><p><span lang=\"SL\">&nbsp;<\/span><\/p><p><span lang=\"SL\">Od 2010. godine\n\u0160kola ima licencu za organizovanje programa obrazovanja odraslih u sljede\u0107im\nsferama odnosno zanimanjima: engleski jezik, njema\u010dki jezik, osnove rada na\nra\u010dunaru, kuvar, konobar, mu\u0161ki i \u017eenski frizer u skladu sa obrazovnim\nprogramima usvojenim od Savjeta za obrazovanje odraslih, u skladu &nbsp;sa zakonom.<o:p><\/o:p><\/span><\/p><p><span lang=\"SL\">&nbsp;<\/span><\/p><p><span lang=\"SL\"><span>Slika: Prva zgrada ulcinjske gimnazije (1965-1968)<\/span><br><\/span><\/p><p><span lang=\"SL\">&nbsp;<\/span><\/p><p>\n\n\n\n\n\n\n\n\n\n\n\n\n\n\n\n\n\n\n\n\n\n\n\n\n\n\n\n\n\n\n\n\n\n<\/p><p><span lang=\"SL\">Tekst ra\u0111en i na\nosnovu podataka sa Monografije \u2013 prof. Sne\u017eana \u017divanovi\u0107, 2020.<\/span><\/p><p><br><\/p>\n<p><b><i>Pripremila: Diandra Ko\u010dan<\/i><\/b><\/p>\n<p><br><\/p>\n<p><br><\/p>\n\n\n\n\n","protected":false},"excerpt":{"rendered":"","protected":false},"author":1,"featured_media":0,"parent":0,"menu_order":0,"comment_status":"closed","ping_status":"closed","template":"","meta":{"pagelayer_contact_templates":[],"_pagelayer_content":"","footnotes":""},"class_list":["post-36","page","type-page","status-publish","hentry"],"_links":{"self":[{"href":"https:\/\/highschool-ul.me\/mne\/wp-json\/wp\/v2\/pages\/36","targetHints":{"allow":["GET"]}}],"collection":[{"href":"https:\/\/highschool-ul.me\/mne\/wp-json\/wp\/v2\/pages"}],"about":[{"href":"https:\/\/highschool-ul.me\/mne\/wp-json\/wp\/v2\/types\/page"}],"author":[{"embeddable":true,"href":"https:\/\/highschool-ul.me\/mne\/wp-json\/wp\/v2\/users\/1"}],"replies":[{"embeddable":true,"href":"https:\/\/highschool-ul.me\/mne\/wp-json\/wp\/v2\/comments?post=36"}],"version-history":[{"count":8,"href":"https:\/\/highschool-ul.me\/mne\/wp-json\/wp\/v2\/pages\/36\/revisions"}],"predecessor-version":[{"id":289,"href":"https:\/\/highschool-ul.me\/mne\/wp-json\/wp\/v2\/pages\/36\/revisions\/289"}],"wp:attachment":[{"href":"https:\/\/highschool-ul.me\/mne\/wp-json\/wp\/v2\/media?parent=36"}],"curies":[{"name":"wp","href":"https:\/\/api.w.org\/{rel}","templated":true}]}}